{"id":14591,"date":"2025-09-18T16:42:58","date_gmt":"2025-09-18T14:42:58","guid":{"rendered":"https:\/\/leidenkennisstad.nl\/leidennationaleonderwijsstad\/?post_type=tribe_events&#038;p=14591"},"modified":"2025-09-18T16:49:56","modified_gmt":"2025-09-18T14:49:56","slug":"foyercafe-leiden-nationale-onderwijsstad-samen-er-dwars-doorheen","status":"publish","type":"tribe_events","link":"https:\/\/leidenkennisstad.nl\/leidennationaleonderwijsstad\/evenement\/foyercafe-leiden-nationale-onderwijsstad-samen-er-dwars-doorheen\/","title":{"rendered":"Foyercaf\u00e9 Leiden Nationale Onderwijsstad \u2018Samen er dwars doorheen\u2019"},"content":{"rendered":"<p style=\"font-weight: 400;\"><em>Dat is de kracht van Leiden.<\/em><\/p>\n<p style=\"font-weight: 400;\"><strong>Leiden Nationale Onderwijsstad \u2018Samen er dwars doorheen\u2019<\/strong><\/p>\n<p style=\"font-weight: 400;\">Van 6 t\/m 10 oktober is het Nationale Onderwijsweek 2025. Dat wordt in Leiden, Nationale Onderwijsstad 2025, natuurlijk gevierd met allerlei events. En niet alleen in deze week, maar gedurende het gehele jaar is \u00a0\u00a0aandacht voor het geh\u00e9le onderwijsveld in Leiden. Op 7 oktober is er in de foyer van het Stadhuis Foyercaf\u00e9, de muzikale talkshow. Op de Foyercaf\u00e9-bank nemen collega\u2019s \u00e9n samenwerkingspartners plaats, betrokken bij het Leids onderwijs. Het programma ziet er als volgt uit:<\/p>\n<p style=\"font-weight: 400;\"><strong><em>Leiden Nationale Onderwijsstad 2025<\/em><\/strong><em><br \/>\n<\/em><strong>Met Sanne van der Linden<\/strong> (proceshouder het LEF) &amp;<strong> Jessica Hilhorst<\/strong> (beleidsmedewerker onderwijs)<br \/>\nHet LEF, het Leiden Education Fieldlab, is een broedplaats voor onderwijsprofessionals in een unieke samenwerking van \u00e1lle onderwijslagen. Jessica en Sanne werken samen in dit speciale jaar waarin Leiden Onderwijsstad is.<\/p>\n<p style=\"font-weight: 400;\"><strong><em>Leidse Gelijke Kansen Aanpak en de \u2018Leidse week van gelijke kansen\u2019<\/em><\/strong><strong><br \/>\nMet Pepijn Smit<\/strong> (artistiek leider van PS|theater) &amp; <strong>Lies Timmering <\/strong>(gemeentelijk projectleider Gelijke Kansen Aanpak)<br \/>\nPepijn en Lies zetten zich gezamenlijk in voor gelijke kansen. Alle kinderen en jongeren in Leiden moeten hun talenten kunnen ontwikkelen en de rijke leeromgeving van onze stad kunnen benutten.<\/p>\n<p style=\"font-weight: 400;\"><strong><em>Leren met de stad<\/em><\/strong><strong><br \/>\nMet Marieke van Haaren (<\/strong>projectleider van \u2018Leren met de stad\u2019) &amp; <strong>Milou Timmerman <\/strong>(beleidsmedewerker Kennis)<br \/>\nMarieke en Milou werken in deze onderwijsinnovatie met studenten van Hogeschool, Universiteit en MBO die met bewoners urgente vraagstukken uit de stad oppakken.<\/p>\n<p style=\"font-weight: 400;\"><strong><em>De stad in!<br \/>\n<\/em><\/strong><strong>Met Mark Gritter<\/strong> (docent aardrijkskunde) &amp; <strong>Martijn van der Linde <\/strong>(docent ISK, internationale schakelklas voor nieuwkomers)<br \/>\nMark en Martijn werken bij scholengemeenschap Leonardo Da Vinci aan Leids Burgerschap. Want onderwijs is meer dan kennis in hoofden krijgen. Daarnaast is Mark initiatiefnemer van het boek \u2018Leiden, kleine wereldstad\u2019, geschreven door Aart van Bochove van Bureau Blaauwberg (Leidenkunde).<\/p>\n<p style=\"font-weight: 400;\">Wethouder<strong> Abdelhaq Jermoumi <\/strong>en wethouder<strong> Wietske Veltman<\/strong> zijn ook aanwezig.<br \/>\nModerator <strong>Elisabeth van den Hoogen<\/strong> leidt het gesprek en natuurlijk brengt huisband <strong>Triple 5 Soul<\/strong> je weer in muzikaal vrolijke sferen.<\/p>\n<p style=\"font-weight: 400;\">N\u00e1 de talkshow, om 17.00 uur, is er een borrel (voor de talkshowbezoekers).<br \/>\nEen hele mooie editie van Foyercaf\u00e9!<br \/>\nBen je er ook bij?<\/p>\n<p>&nbsp;<\/p>\n<p>Samen er dwars doorheen. Dat is de kracht van Leiden.<\/p>\n<p>Dit is een samenwerking van: gemeente Leiden, Kennisstad Leiden, Leren met de Stad, het LEF, PS theater, Gelijke kansen Aanpak, Da Vinci Scholengroep en ISK.<\/p>\n","protected":false},"excerpt":{"rendered":"<p>Op 7 oktober is er in de foyer van het Stadhuis Foyercaf\u00e9, de muzikale talkshow. Op de Foyercaf\u00e9-bank nemen collega\u2019s \u00e9n samenwerkingspartners plaats, betrokken bij het Leids onderwijs.<\/p>\n","protected":false},"author":6,"featured_media":14592,"template":"","meta":{"pgc_sgb_lightbox_settings":"","_tribe_events_status":"","_tribe_events_status_reason":"","footnotes":""},"tags":[],"tribe_events_cat":[66],"class_list":["post-14591","tribe_events","type-tribe_events","status-publish","has-post-thumbnail","hentry","tribe_events_cat-nationale-onderwijsstad","cat_nationale-onderwijsstad"],"yoast_head":"<!-- This site is optimized with the Yoast SEO plugin v27.5 - https:\/\/yoast.com\/product\/yoast-seo-wordpress\/ -->\n<title>Foyercaf\u00e9 Leiden Nationale Onderwijsstad \u2018Samen er dwars doorheen\u2019 - Leiden Nationale Onderwijsstad<\/title>\n<meta name=\"robots\" content=\"index, follow, max-snippet:-1, max-image-preview:large, max-video-preview:-1\" \/>\n<link rel=\"canonical\" href=\"https:\/\/leidenkennisstad.nl\/leidennationaleonderwijsstad\/evenement\/foyercafe-leiden-nationale-onderwijsstad-samen-er-dwars-doorheen\/\" \/>\n<meta property=\"og:locale\" content=\"nl_NL\" \/>\n<meta property=\"og:type\" content=\"article\" \/>\n<meta property=\"og:title\" content=\"Foyercaf\u00e9 Leiden Nationale Onderwijsstad \u2018Samen er dwars doorheen\u2019 - Leiden Nationale Onderwijsstad\" \/>\n<meta property=\"og:description\" content=\"Op 7 oktober is er in de foyer van het Stadhuis Foyercaf\u00e9, de muzikale talkshow. Op de Foyercaf\u00e9-bank nemen collega\u2019s \u00e9n samenwerkingspartners plaats, betrokken bij het Leids onderwijs.\" \/>\n<meta property=\"og:url\" content=\"https:\/\/leidenkennisstad.nl\/leidennationaleonderwijsstad\/evenement\/foyercafe-leiden-nationale-onderwijsstad-samen-er-dwars-doorheen\/\" \/>\n<meta property=\"og:site_name\" content=\"Leiden Nationale Onderwijsstad\" \/>\n<meta property=\"article:modified_time\" content=\"2025-09-18T14:49:56+00:00\" \/>\n<meta property=\"og:image\" content=\"https:\/\/leidenkennisstad.nl\/leidennationaleonderwijsstad\/wp-content\/uploads\/2025\/09\/Foyer-cafe.jpg\" \/>\n\t<meta property=\"og:image:width\" content=\"832\" \/>\n\t<meta property=\"og:image:height\" content=\"461\" \/>\n\t<meta property=\"og:image:type\" content=\"image\/jpeg\" \/>\n<meta name=\"twitter:card\" content=\"summary_large_image\" \/>\n<meta name=\"twitter:label1\" content=\"Geschatte leestijd\" \/>\n\t<meta name=\"twitter:data1\" content=\"2 minuten\" \/>\n<script type=\"application\/ld+json\" class=\"yoast-schema-graph\">{\"@context\":\"https:\\\/\\\/schema.org\",\"@graph\":[{\"@type\":\"WebPage\",\"@id\":\"https:\\\/\\\/leidenkennisstad.nl\\\/leidennationaleonderwijsstad\\\/evenement\\\/foyercafe-leiden-nationale-onderwijsstad-samen-er-dwars-doorheen\\\/\",\"url\":\"https:\\\/\\\/leidenkennisstad.nl\\\/leidennationaleonderwijsstad\\\/evenement\\\/foyercafe-leiden-nationale-onderwijsstad-samen-er-dwars-doorheen\\\/\",\"name\":\"Foyercaf\u00e9 Leiden Nationale Onderwijsstad \u2018Samen er dwars doorheen\u2019 - Leiden Nationale Onderwijsstad\",\"isPartOf\":{\"@id\":\"https:\\\/\\\/leidenkennisstad.nl\\\/leidennationaleonderwijsstad\\\/#website\"},\"primaryImageOfPage\":{\"@id\":\"https:\\\/\\\/leidenkennisstad.nl\\\/leidennationaleonderwijsstad\\\/evenement\\\/foyercafe-leiden-nationale-onderwijsstad-samen-er-dwars-doorheen\\\/#primaryimage\"},\"image\":{\"@id\":\"https:\\\/\\\/leidenkennisstad.nl\\\/leidennationaleonderwijsstad\\\/evenement\\\/foyercafe-leiden-nationale-onderwijsstad-samen-er-dwars-doorheen\\\/#primaryimage\"},\"thumbnailUrl\":\"https:\\\/\\\/leidenkennisstad.nl\\\/leidennationaleonderwijsstad\\\/wp-content\\\/uploads\\\/2025\\\/09\\\/Foyer-cafe.jpg\",\"datePublished\":\"2025-09-18T14:42:58+00:00\",\"dateModified\":\"2025-09-18T14:49:56+00:00\",\"breadcrumb\":{\"@id\":\"https:\\\/\\\/leidenkennisstad.nl\\\/leidennationaleonderwijsstad\\\/evenement\\\/foyercafe-leiden-nationale-onderwijsstad-samen-er-dwars-doorheen\\\/#breadcrumb\"},\"inLanguage\":\"nl-NL\",\"potentialAction\":[{\"@type\":\"ReadAction\",\"target\":[\"https:\\\/\\\/leidenkennisstad.nl\\\/leidennationaleonderwijsstad\\\/evenement\\\/foyercafe-leiden-nationale-onderwijsstad-samen-er-dwars-doorheen\\\/\"]}]},{\"@type\":\"ImageObject\",\"inLanguage\":\"nl-NL\",\"@id\":\"https:\\\/\\\/leidenkennisstad.nl\\\/leidennationaleonderwijsstad\\\/evenement\\\/foyercafe-leiden-nationale-onderwijsstad-samen-er-dwars-doorheen\\\/#primaryimage\",\"url\":\"https:\\\/\\\/leidenkennisstad.nl\\\/leidennationaleonderwijsstad\\\/wp-content\\\/uploads\\\/2025\\\/09\\\/Foyer-cafe.jpg\",\"contentUrl\":\"https:\\\/\\\/leidenkennisstad.nl\\\/leidennationaleonderwijsstad\\\/wp-content\\\/uploads\\\/2025\\\/09\\\/Foyer-cafe.jpg\",\"width\":832,\"height\":461},{\"@type\":\"BreadcrumbList\",\"@id\":\"https:\\\/\\\/leidenkennisstad.nl\\\/leidennationaleonderwijsstad\\\/evenement\\\/foyercafe-leiden-nationale-onderwijsstad-samen-er-dwars-doorheen\\\/#breadcrumb\",\"itemListElement\":[{\"@type\":\"ListItem\",\"position\":1,\"name\":\"Home\",\"item\":\"https:\\\/\\\/leidenkennisstad.nl\\\/leidennationaleonderwijsstad\\\/\"},{\"@type\":\"ListItem\",\"position\":2,\"name\":\"Evenementen\",\"item\":\"https:\\\/\\\/leidenkennisstad.nl\\\/leidennationaleonderwijsstad\\\/evenementen\\\/\"},{\"@type\":\"ListItem\",\"position\":3,\"name\":\"Foyercaf\u00e9 Leiden Nationale Onderwijsstad \u2018Samen er dwars doorheen\u2019\"}]},{\"@type\":\"WebSite\",\"@id\":\"https:\\\/\\\/leidenkennisstad.nl\\\/leidennationaleonderwijsstad\\\/#website\",\"url\":\"https:\\\/\\\/leidenkennisstad.nl\\\/leidennationaleonderwijsstad\\\/\",\"name\":\"Leiden Nationale Onderwijsstad\",\"description\":\"Het Leiden Education Fieldlab\",\"potentialAction\":[{\"@type\":\"SearchAction\",\"target\":{\"@type\":\"EntryPoint\",\"urlTemplate\":\"https:\\\/\\\/leidenkennisstad.nl\\\/leidennationaleonderwijsstad\\\/?s={search_term_string}\"},\"query-input\":{\"@type\":\"PropertyValueSpecification\",\"valueRequired\":true,\"valueName\":\"search_term_string\"}}],\"inLanguage\":\"nl-NL\"}]}<\/script>\n<!-- \/ Yoast SEO plugin. -->","yoast_head_json":{"title":"Foyercaf\u00e9 Leiden Nationale Onderwijsstad \u2018Samen er dwars doorheen\u2019 - Leiden Nationale Onderwijsstad","robots":{"index":"index","follow":"follow","max-snippet":"max-snippet:-1","max-image-preview":"max-image-preview:large","max-video-preview":"max-video-preview:-1"},"canonical":"https:\/\/leidenkennisstad.nl\/leidennationaleonderwijsstad\/evenement\/foyercafe-leiden-nationale-onderwijsstad-samen-er-dwars-doorheen\/","og_locale":"nl_NL","og_type":"article","og_title":"Foyercaf\u00e9 Leiden Nationale Onderwijsstad \u2018Samen er dwars doorheen\u2019 - Leiden Nationale Onderwijsstad","og_description":"Op 7 oktober is er in de foyer van het Stadhuis Foyercaf\u00e9, de muzikale talkshow. Op de Foyercaf\u00e9-bank nemen collega\u2019s \u00e9n samenwerkingspartners plaats, betrokken bij het Leids onderwijs.","og_url":"https:\/\/leidenkennisstad.nl\/leidennationaleonderwijsstad\/evenement\/foyercafe-leiden-nationale-onderwijsstad-samen-er-dwars-doorheen\/","og_site_name":"Leiden Nationale Onderwijsstad","article_modified_time":"2025-09-18T14:49:56+00:00","og_image":[{"width":832,"height":461,"url":"https:\/\/leidenkennisstad.nl\/leidennationaleonderwijsstad\/wp-content\/uploads\/2025\/09\/Foyer-cafe.jpg","type":"image\/jpeg"}],"twitter_card":"summary_large_image","twitter_misc":{"Geschatte leestijd":"2 minuten"},"schema":{"@context":"https:\/\/schema.org","@graph":[{"@type":"WebPage","@id":"https:\/\/leidenkennisstad.nl\/leidennationaleonderwijsstad\/evenement\/foyercafe-leiden-nationale-onderwijsstad-samen-er-dwars-doorheen\/","url":"https:\/\/leidenkennisstad.nl\/leidennationaleonderwijsstad\/evenement\/foyercafe-leiden-nationale-onderwijsstad-samen-er-dwars-doorheen\/","name":"Foyercaf\u00e9 Leiden Nationale Onderwijsstad \u2018Samen er dwars doorheen\u2019 - Leiden Nationale Onderwijsstad","isPartOf":{"@id":"https:\/\/leidenkennisstad.nl\/leidennationaleonderwijsstad\/#website"},"primaryImageOfPage":{"@id":"https:\/\/leidenkennisstad.nl\/leidennationaleonderwijsstad\/evenement\/foyercafe-leiden-nationale-onderwijsstad-samen-er-dwars-doorheen\/#primaryimage"},"image":{"@id":"https:\/\/leidenkennisstad.nl\/leidennationaleonderwijsstad\/evenement\/foyercafe-leiden-nationale-onderwijsstad-samen-er-dwars-doorheen\/#primaryimage"},"thumbnailUrl":"https:\/\/leidenkennisstad.nl\/leidennationaleonderwijsstad\/wp-content\/uploads\/2025\/09\/Foyer-cafe.jpg","datePublished":"2025-09-18T14:42:58+00:00","dateModified":"2025-09-18T14:49:56+00:00","breadcrumb":{"@id":"https:\/\/leidenkennisstad.nl\/leidennationaleonderwijsstad\/evenement\/foyercafe-leiden-nationale-onderwijsstad-samen-er-dwars-doorheen\/#breadcrumb"},"inLanguage":"nl-NL","potentialAction":[{"@type":"ReadAction","target":["https:\/\/leidenkennisstad.nl\/leidennationaleonderwijsstad\/evenement\/foyercafe-leiden-nationale-onderwijsstad-samen-er-dwars-doorheen\/"]}]},{"@type":"ImageObject","inLanguage":"nl-NL","@id":"https:\/\/leidenkennisstad.nl\/leidennationaleonderwijsstad\/evenement\/foyercafe-leiden-nationale-onderwijsstad-samen-er-dwars-doorheen\/#primaryimage","url":"https:\/\/leidenkennisstad.nl\/leidennationaleonderwijsstad\/wp-content\/uploads\/2025\/09\/Foyer-cafe.jpg","contentUrl":"https:\/\/leidenkennisstad.nl\/leidennationaleonderwijsstad\/wp-content\/uploads\/2025\/09\/Foyer-cafe.jpg","width":832,"height":461},{"@type":"BreadcrumbList","@id":"https:\/\/leidenkennisstad.nl\/leidennationaleonderwijsstad\/evenement\/foyercafe-leiden-nationale-onderwijsstad-samen-er-dwars-doorheen\/#breadcrumb","itemListElement":[{"@type":"ListItem","position":1,"name":"Home","item":"https:\/\/leidenkennisstad.nl\/leidennationaleonderwijsstad\/"},{"@type":"ListItem","position":2,"name":"Evenementen","item":"https:\/\/leidenkennisstad.nl\/leidennationaleonderwijsstad\/evenementen\/"},{"@type":"ListItem","position":3,"name":"Foyercaf\u00e9 Leiden Nationale Onderwijsstad \u2018Samen er dwars doorheen\u2019"}]},{"@type":"WebSite","@id":"https:\/\/leidenkennisstad.nl\/leidennationaleonderwijsstad\/#website","url":"https:\/\/leidenkennisstad.nl\/leidennationaleonderwijsstad\/","name":"Leiden Nationale Onderwijsstad","description":"Het Leiden Education Fieldlab","potentialAction":[{"@type":"SearchAction","target":{"@type":"EntryPoint","urlTemplate":"https:\/\/leidenkennisstad.nl\/leidennationaleonderwijsstad\/?s={search_term_string}"},"query-input":{"@type":"PropertyValueSpecification","valueRequired":true,"valueName":"search_term_string"}}],"inLanguage":"nl-NL"}]}},"jetpack_sharing_enabled":true,"_links":{"self":[{"href":"https:\/\/leidenkennisstad.nl\/leidennationaleonderwijsstad\/wp-json\/wp\/v2\/tribe_events\/14591","targetHints":{"allow":["GET"]}}],"collection":[{"href":"https:\/\/leidenkennisstad.nl\/leidennationaleonderwijsstad\/wp-json\/wp\/v2\/tribe_events"}],"about":[{"href":"https:\/\/leidenkennisstad.nl\/leidennationaleonderwijsstad\/wp-json\/wp\/v2\/types\/tribe_events"}],"author":[{"embeddable":true,"href":"https:\/\/leidenkennisstad.nl\/leidennationaleonderwijsstad\/wp-json\/wp\/v2\/users\/6"}],"version-history":[{"count":3,"href":"https:\/\/leidenkennisstad.nl\/leidennationaleonderwijsstad\/wp-json\/wp\/v2\/tribe_events\/14591\/revisions"}],"predecessor-version":[{"id":14600,"href":"https:\/\/leidenkennisstad.nl\/leidennationaleonderwijsstad\/wp-json\/wp\/v2\/tribe_events\/14591\/revisions\/14600"}],"wp:featuredmedia":[{"embeddable":true,"href":"https:\/\/leidenkennisstad.nl\/leidennationaleonderwijsstad\/wp-json\/wp\/v2\/media\/14592"}],"wp:attachment":[{"href":"https:\/\/leidenkennisstad.nl\/leidennationaleonderwijsstad\/wp-json\/wp\/v2\/media?parent=14591"}],"wp:term":[{"taxonomy":"post_tag","embeddable":true,"href":"https:\/\/leidenkennisstad.nl\/leidennationaleonderwijsstad\/wp-json\/wp\/v2\/tags?post=14591"},{"taxonomy":"tribe_events_cat","embeddable":true,"href":"https:\/\/leidenkennisstad.nl\/leidennationaleonderwijsstad\/wp-json\/wp\/v2\/tribe_events_cat?post=14591"}],"curies":[{"name":"wp","href":"https:\/\/api.w.org\/{rel}","templated":true}]}}